{"id":12886,"date":"2022-02-23T15:18:00","date_gmt":"2022-02-23T14:18:00","guid":{"rendered":"https:\/\/lacollinedeslutins.fr\/?page_id=12886"},"modified":"2025-07-24T10:04:27","modified_gmt":"2025-07-24T08:04:27","slug":"ferme-itinerante","status":"publish","type":"page","link":"https:\/\/lacollinedeslutins.fr\/?page_id=12886","title":{"rendered":"La ferme itin\u00e9rante"},"content":{"rendered":"\t\t<div data-elementor-type=\"wp-post\" data-elementor-id=\"12886\" class=\"elementor elementor-12886\">\n\t\t\t\t\t\t<section class=\"elementor-section elementor-top-section elementor-element elementor-element-c4beec1 elementor-section-height-min-height elementor-section-full_width elementor-section-stretched elementor-section-height-default elementor-section-items-middle\" data-id=\"c4beec1\" data-element_type=\"section\" data-settings=\"{&quot;background_background&quot;:&quot;classic&quot;,&quot;stretch_section&quot;:&quot;section-stretched&quot;}\">\n\t\t\t\t\t\t\t<div class=\"elementor-background-overlay\"><\/div>\n\t\t\t\t\t\t\t<div class=\"elementor-container elementor-column-gap-default\">\n\t\t\t\t\t<div class=\"elementor-column elementor-col-100 elementor-top-column elementor-element elementor-element-97ee037\" data-id=\"97ee037\" data-element_type=\"column\">\n\t\t\t<div class=\"elementor-widget-wrap elementor-element-populated\">\n\t\t\t\t\t\t<div class=\"elementor-element elementor-element-edcb497 elementor-widget elementor-widget-heading\" data-id=\"edcb497\" data-element_type=\"widget\" data-widget_type=\"heading.default\">\n\t\t\t\t<div class=\"elementor-widget-container\">\n\t\t\t\t\t<h2 class=\"elementor-heading-title elementor-size-default\">La ferme itin\u00e9rante<\/h2>\t\t\t\t<\/div>\n\t\t\t\t<\/div>\n\t\t\t\t<div class=\"elementor-element elementor-element-24fa08b elementor-widget elementor-widget-text-editor\" data-id=\"24fa08b\" data-element_type=\"widget\" data-widget_type=\"text-editor.default\">\n\t\t\t\t<div class=\"elementor-widget-container\">\n\t\t\t\t\t\t\t\t\t<p><a href=\"#\">Accueil<\/a> \/ La ferme itin\u00e9rante<\/p>\t\t\t\t\t\t\t\t<\/div>\n\t\t\t\t<\/div>\n\t\t\t\t\t<\/div>\n\t\t<\/div>\n\t\t\t\t\t<\/div>\n\t\t<\/section>\n\t\t\t\t<section class=\"elementor-section elementor-top-section elementor-element elementor-element-702f6ca elementor-section-content-middle elementor-section-boxed elementor-section-height-default elementor-section-height-default\" data-id=\"702f6ca\" data-element_type=\"section\">\n\t\t\t\t\t\t<div class=\"elementor-container elementor-column-gap-no\">\n\t\t\t\t\t<div class=\"elementor-column elementor-col-50 elementor-top-column elementor-element elementor-element-37b16aa\" data-id=\"37b16aa\" data-element_type=\"column\">\n\t\t\t<div class=\"elementor-widget-wrap elementor-element-populated\">\n\t\t\t\t\t\t<div class=\"elementor-element elementor-element-1f68cab elementor-widget elementor-widget-image\" data-id=\"1f68cab\" data-element_type=\"widget\" data-widget_type=\"image.default\">\n\t\t\t\t<div class=\"elementor-widget-container\">\n\t\t\t\t\t\t\t\t\t\t\t\t\t\t\t<img fetchpriority=\"high\" decoding=\"async\" width=\"1080\" height=\"939\" src=\"https:\/\/lacollinedeslutins.fr\/wp-content\/uploads\/2023\/03\/Screenshot_20230314_174725.jpg\" class=\"attachment-full size-full wp-image-13396\" alt=\"\" srcset=\"https:\/\/lacollinedeslutins.fr\/wp-content\/uploads\/2023\/03\/Screenshot_20230314_174725.jpg 1080w, https:\/\/lacollinedeslutins.fr\/wp-content\/uploads\/2023\/03\/Screenshot_20230314_174725-300x261.jpg 300w, https:\/\/lacollinedeslutins.fr\/wp-content\/uploads\/2023\/03\/Screenshot_20230314_174725-1024x890.jpg 1024w, https:\/\/lacollinedeslutins.fr\/wp-content\/uploads\/2023\/03\/Screenshot_20230314_174725-768x668.jpg 768w\" sizes=\"(max-width: 1080px) 100vw, 1080px\" \/>\t\t\t\t\t\t\t\t\t\t\t\t\t\t\t<\/div>\n\t\t\t\t<\/div>\n\t\t\t\t\t<\/div>\n\t\t<\/div>\n\t\t\t\t<div class=\"elementor-column elementor-col-50 elementor-top-column elementor-element elementor-element-bbe3532\" data-id=\"bbe3532\" data-element_type=\"column\">\n\t\t\t<div class=\"elementor-widget-wrap elementor-element-populated\">\n\t\t\t\t\t\t<div class=\"elementor-element elementor-element-ed98969 elementor-widget elementor-widget-heading\" data-id=\"ed98969\" data-element_type=\"widget\" data-widget_type=\"heading.default\">\n\t\t\t\t<div class=\"elementor-widget-container\">\n\t\t\t\t\t<h4 class=\"elementor-heading-title elementor-size-default\">Vous ne pouvez pas vous d\u00e9placer ?<\/h4>\t\t\t\t<\/div>\n\t\t\t\t<\/div>\n\t\t\t\t<div class=\"elementor-element elementor-element-2794aae elementor-widget elementor-widget-text-editor\" data-id=\"2794aae\" data-element_type=\"widget\" data-widget_type=\"text-editor.default\">\n\t\t\t\t<div class=\"elementor-widget-container\">\n\t\t\t\t\t\t\t\t\t<p>Vous \u00eates un particulier, une \u00e9cole, une mairie, un comit\u00e9 d\u2019entreprise, un centre de loisirs, un EHPAD ?<\/p><p><br><\/p>\n<p>vous organisez un anniversaire, une foire, un mariage, une manifestation dans votre village, un march\u00e9 de No\u00ebl, et vous souhaitez offrir un moment de partage, d\u2019amour et de d\u00e9tente aux enfants pr\u00e9sents ?&nbsp;<\/p>\t\t\t\t\t\t\t\t<\/div>\n\t\t\t\t<\/div>\n\t\t\t\t\t<\/div>\n\t\t<\/div>\n\t\t\t\t\t<\/div>\n\t\t<\/section>\n\t\t\t\t<section class=\"elementor-section elementor-top-section elementor-element elementor-element-9ea81a7 elementor-section-content-middle elementor-section-boxed elementor-section-height-default elementor-section-height-default\" data-id=\"9ea81a7\" data-element_type=\"section\">\n\t\t\t\t\t\t<div class=\"elementor-container elementor-column-gap-no\">\n\t\t\t\t\t<div class=\"elementor-column elementor-col-100 elementor-top-column elementor-element elementor-element-e91b1be\" data-id=\"e91b1be\" data-element_type=\"column\">\n\t\t\t<div class=\"elementor-widget-wrap elementor-element-populated\">\n\t\t\t\t\t\t<section class=\"elementor-section elementor-inner-section elementor-element elementor-element-e6d36b2 elementor-section-content-middle elementor-section-boxed elementor-section-height-default elementor-section-height-default\" data-id=\"e6d36b2\" data-element_type=\"section\">\n\t\t\t\t\t\t<div class=\"elementor-container elementor-column-gap-no\">\n\t\t\t\t\t<div class=\"elementor-column elementor-col-33 elementor-inner-column elementor-element elementor-element-a39ccb5\" data-id=\"a39ccb5\" data-element_type=\"column\">\n\t\t\t<div class=\"elementor-widget-wrap elementor-element-populated\">\n\t\t\t\t\t\t<div class=\"elementor-element elementor-element-ab108bd elementor-widget elementor-widget-image\" data-id=\"ab108bd\" data-element_type=\"widget\" data-widget_type=\"image.default\">\n\t\t\t\t<div class=\"elementor-widget-container\">\n\t\t\t\t\t\t\t\t\t\t\t\t\t\t\t<img decoding=\"async\" src=\"https:\/\/lacollinedeslutins.fr\/wp-content\/uploads\/elementor\/thumbs\/FB_IMG_1678812358979-q3jndj3q4m0gxqwbgug1f5wl3xqohn7plylco104us.jpg\" title=\"FB_IMG_1678812358979\" alt=\"FB_IMG_1678812358979\" loading=\"lazy\" \/>\t\t\t\t\t\t\t\t\t\t\t\t\t\t\t<\/div>\n\t\t\t\t<\/div>\n\t\t\t\t\t<\/div>\n\t\t<\/div>\n\t\t\t\t<div class=\"elementor-column elementor-col-33 elementor-inner-column elementor-element elementor-element-6d621ac\" data-id=\"6d621ac\" data-element_type=\"column\">\n\t\t\t<div class=\"elementor-widget-wrap elementor-element-populated\">\n\t\t\t\t\t\t<div class=\"elementor-element elementor-element-5d66eb3 elementor-widget elementor-widget-heading\" data-id=\"5d66eb3\" data-element_type=\"widget\" data-widget_type=\"heading.default\">\n\t\t\t\t<div class=\"elementor-widget-container\">\n\t\t\t\t\t<h2 class=\"elementor-heading-title elementor-size-default\"><h2 data-elementor-setting-key=\"title\" data-pen-placeholder=\"\u00c9crivez ici...\" style=\"font-family: &quot;Walter Turncoat&quot;, sans-serif; line-height: 30px; color: rgb(57, 57, 57); font-size: 21px; letter-spacing: 1.2px;\"><span style=\"font-weight: 400;\">La Colline des lutins<\/span> se d\u00e9place en demi-journ\u00e9e ou en journ\u00e9e<span style=\"font-weight: 400;\">, <br>avec ou sans ateliers et Mascotte !<\/span><\/h2><\/h2>\t\t\t\t<\/div>\n\t\t\t\t<\/div>\n\t\t\t\t\t<\/div>\n\t\t<\/div>\n\t\t\t\t<div class=\"elementor-column elementor-col-33 elementor-inner-column elementor-element elementor-element-fc11c99\" data-id=\"fc11c99\" data-element_type=\"column\">\n\t\t\t<div class=\"elementor-widget-wrap elementor-element-populated\">\n\t\t\t\t\t\t<div class=\"elementor-element elementor-element-c384b8c elementor-widget elementor-widget-image\" data-id=\"c384b8c\" data-element_type=\"widget\" data-widget_type=\"image.default\">\n\t\t\t\t<div class=\"elementor-widget-container\">\n\t\t\t\t\t\t\t\t\t\t\t\t\t\t\t<img decoding=\"async\" src=\"https:\/\/lacollinedeslutins.fr\/wp-content\/uploads\/elementor\/thumbs\/FB_IMG_1678812373497-q3jndvbmlgh74oekhhq6tktkty2g9pk7zn2nwmi0lw.jpg\" title=\"FB_IMG_1678812373497\" alt=\"FB_IMG_1678812373497\" loading=\"lazy\" \/>\t\t\t\t\t\t\t\t\t\t\t\t\t\t\t<\/div>\n\t\t\t\t<\/div>\n\t\t\t\t\t<\/div>\n\t\t<\/div>\n\t\t\t\t\t<\/div>\n\t\t<\/section>\n\t\t\t\t<section class=\"elementor-section elementor-inner-section elementor-element elementor-element-5ca67ac elementor-section-content-middle elementor-section-boxed elementor-section-height-default elementor-section-height-default\" data-id=\"5ca67ac\" data-element_type=\"section\">\n\t\t\t\t\t\t<div class=\"elementor-container elementor-column-gap-no\">\n\t\t\t\t\t<div class=\"elementor-column elementor-col-33 elementor-inner-column elementor-element elementor-element-0b3d3d2\" data-id=\"0b3d3d2\" data-element_type=\"column\">\n\t\t\t<div class=\"elementor-widget-wrap elementor-element-populated\">\n\t\t\t\t\t\t<div class=\"elementor-element elementor-element-d79c670 elementor-widget elementor-widget-heading\" data-id=\"d79c670\" data-element_type=\"widget\" data-widget_type=\"heading.default\">\n\t\t\t\t<div class=\"elementor-widget-container\">\n\t\t\t\t\t<h2 class=\"elementor-heading-title elementor-size-default\"><h2 data-elementor-setting-key=\"title\" data-pen-placeholder=\"\u00c9crivez ici...\" style=\"font-family: &quot;Walter Turncoat&quot;, sans-serif; line-height: 30px; color: rgb(57, 57, 57); font-size: 21px; letter-spacing: 1.2px;\">Les animaux pr\u00e9sents :<span style=\"font-weight: 400;\"> un cochon, des ch\u00e8vres, des moutons, des lapins et des poules.<\/span><\/h2><\/h2>\t\t\t\t<\/div>\n\t\t\t\t<\/div>\n\t\t\t\t\t<\/div>\n\t\t<\/div>\n\t\t\t\t<div class=\"elementor-column elementor-col-33 elementor-inner-column elementor-element elementor-element-e5f1107\" data-id=\"e5f1107\" data-element_type=\"column\">\n\t\t\t<div class=\"elementor-widget-wrap elementor-element-populated\">\n\t\t\t\t\t\t<div class=\"elementor-element elementor-element-28307c3 elementor-widget elementor-widget-image\" data-id=\"28307c3\" data-element_type=\"widget\" data-widget_type=\"image.default\">\n\t\t\t\t<div class=\"elementor-widget-container\">\n\t\t\t\t\t\t\t\t\t\t\t\t\t\t\t<img decoding=\"async\" src=\"https:\/\/lacollinedeslutins.fr\/wp-content\/uploads\/elementor\/thumbs\/FB_IMG_1678812346466-q3jnef28kz7nfw9ly5kw8u08x6wyhgregva0yh5rxo.jpg\" title=\"oznorCOBR\" alt=\"oznorCOBR\" loading=\"lazy\" \/>\t\t\t\t\t\t\t\t\t\t\t\t\t\t\t<\/div>\n\t\t\t\t<\/div>\n\t\t\t\t\t<\/div>\n\t\t<\/div>\n\t\t\t\t<div class=\"elementor-column elementor-col-33 elementor-inner-column elementor-element elementor-element-f1be187\" data-id=\"f1be187\" data-element_type=\"column\">\n\t\t\t<div class=\"elementor-widget-wrap elementor-element-populated\">\n\t\t\t\t\t\t<div class=\"elementor-element elementor-element-aeb4a6e elementor-widget elementor-widget-heading\" data-id=\"aeb4a6e\" data-element_type=\"widget\" data-widget_type=\"heading.default\">\n\t\t\t\t<div class=\"elementor-widget-container\">\n\t\t\t\t\t<h2 class=\"elementor-heading-title elementor-size-default\"><h2 data-elementor-setting-key=\"title\" data-pen-placeholder=\"\u00c9crivez ici...\" style=\"font-family: &quot;Walter Turncoat&quot;, sans-serif; line-height: 30px; color: rgb(57, 57, 57); font-size: 21px; letter-spacing: 1.2px;\"><span style=\"font-weight: 400;\">Un <\/span>coin de verdure de 50m\u00b2<span style=\"font-weight: 400;\"> sera l\u2019id\u00e9al pour les accueillir<\/span><\/h2><\/h2>\t\t\t\t<\/div>\n\t\t\t\t<\/div>\n\t\t\t\t\t<\/div>\n\t\t<\/div>\n\t\t\t\t\t<\/div>\n\t\t<\/section>\n\t\t\t\t\t<\/div>\n\t\t<\/div>\n\t\t\t\t\t<\/div>\n\t\t<\/section>\n\t\t\t\t<section class=\"elementor-section elementor-top-section elementor-element elementor-element-b271601 elementor-section-boxed elementor-section-height-default elementor-section-height-default\" data-id=\"b271601\" data-element_type=\"section\">\n\t\t\t\t\t\t<div class=\"elementor-container elementor-column-gap-default\">\n\t\t\t\t\t<div class=\"elementor-column elementor-col-100 elementor-top-column elementor-element elementor-element-f30282e\" data-id=\"f30282e\" data-element_type=\"column\">\n\t\t\t<div class=\"elementor-widget-wrap elementor-element-populated\">\n\t\t\t\t\t\t<div class=\"elementor-element elementor-element-a5f1f6c elementor-widget elementor-widget-heading\" data-id=\"a5f1f6c\" data-element_type=\"widget\" data-widget_type=\"heading.default\">\n\t\t\t\t<div class=\"elementor-widget-container\">\n\t\t\t\t\t<h2 class=\"elementor-heading-title elementor-size-default\">Vous souhaitez un devis personnalis\u00e9 ?<\/h2>\t\t\t\t<\/div>\n\t\t\t\t<\/div>\n\t\t\t\t<div class=\"elementor-element elementor-element-f9cd3fe elementor-align-center elementor-widget elementor-widget-button\" data-id=\"f9cd3fe\" data-element_type=\"widget\" data-widget_type=\"button.default\">\n\t\t\t\t<div class=\"elementor-widget-container\">\n\t\t\t\t\t\t\t\t\t<div class=\"elementor-button-wrapper\">\n\t\t\t\t\t<a class=\"elementor-button elementor-button-link elementor-size-sm\" href=\"\/?page_id=13122\">\n\t\t\t\t\t\t<span class=\"elementor-button-content-wrapper\">\n\t\t\t\t\t\t\t\t\t<span class=\"elementor-button-text\">CONTACTEZ-NOUS !<\/span>\n\t\t\t\t\t<\/span>\n\t\t\t\t\t<\/a>\n\t\t\t\t<\/div>\n\t\t\t\t\t\t\t\t<\/div>\n\t\t\t\t<\/div>\n\t\t\t\t\t<\/div>\n\t\t<\/div>\n\t\t\t\t\t<\/div>\n\t\t<\/section>\n\t\t\t\t<section class=\"elementor-section elementor-top-section elementor-element elementor-element-61c7e96 elementor-reverse-mobile elementor-section-full_width elementor-section-height-default elementor-section-height-default\" data-id=\"61c7e96\" data-element_type=\"section\" data-settings=\"{&quot;background_background&quot;:&quot;classic&quot;}\">\n\t\t\t\t\t\t<div class=\"elementor-container elementor-column-gap-no\">\n\t\t\t\t\t<div class=\"elementor-column elementor-col-50 elementor-top-column elementor-element elementor-element-7d16fdd\" data-id=\"7d16fdd\" data-element_type=\"column\">\n\t\t\t<div class=\"elementor-widget-wrap elementor-element-populated\">\n\t\t\t\t\t\t<div class=\"elementor-element elementor-element-3347d85 elementor-widget elementor-widget-google_maps\" data-id=\"3347d85\" data-element_type=\"widget\" data-widget_type=\"google_maps.default\">\n\t\t\t\t<div class=\"elementor-widget-container\">\n\t\t\t\t\t\t\t<div class=\"elementor-custom-embed\">\n\t\t\t<iframe loading=\"lazy\"\n\t\t\t\t\tsrc=\"https:\/\/maps.google.com\/maps?q=Lieu%20dit%2C%20Les%20Souquets%2C%2004140%20Le%20Vernet&#038;t=m&#038;z=17&#038;output=embed&#038;iwloc=near\"\n\t\t\t\t\ttitle=\"Lieu dit, Les Souquets, 04140 Le Vernet\"\n\t\t\t\t\taria-label=\"Lieu dit, Les Souquets, 04140 Le Vernet\"\n\t\t\t><\/iframe>\n\t\t<\/div>\n\t\t\t\t\t\t<\/div>\n\t\t\t\t<\/div>\n\t\t\t\t\t<\/div>\n\t\t<\/div>\n\t\t\t\t<div class=\"elementor-column elementor-col-50 elementor-top-column elementor-element elementor-element-06cc209\" data-id=\"06cc209\" data-element_type=\"column\">\n\t\t\t<div class=\"elementor-widget-wrap elementor-element-populated\">\n\t\t\t\t\t\t<div class=\"elementor-element elementor-element-212a042 elementor-widget elementor-widget-heading\" data-id=\"212a042\" data-element_type=\"widget\" data-widget_type=\"heading.default\">\n\t\t\t\t<div class=\"elementor-widget-container\">\n\t\t\t\t\t<h2 class=\"elementor-heading-title elementor-size-default\">Le parc est ouvert d\u2019avril \u00e0 octobre<b><i>*<\/i><\/b><br><\/h2>\t\t\t\t<\/div>\n\t\t\t\t<\/div>\n\t\t\t\t<div class=\"elementor-element elementor-element-adce231 elementor-widget elementor-widget-text-editor\" data-id=\"adce231\" data-element_type=\"widget\" data-widget_type=\"text-editor.default\">\n\t\t\t\t<div class=\"elementor-widget-container\">\n\t\t\t\t\t\t\t\t\t<strong style=\"color: #e02128;\"> Pendant les vacances scolaires<\/strong>\t\t\t\t\t\t\t\t<\/div>\n\t\t\t\t<\/div>\n\t\t\t\t<div class=\"elementor-element elementor-element-bfa58e6 elementor-widget elementor-widget-text-editor\" data-id=\"bfa58e6\" data-element_type=\"widget\" data-widget_type=\"text-editor.default\">\n\t\t\t\t<div class=\"elementor-widget-container\">\n\t\t\t\t\t\t\t\t\t<p><strong style=\"color: #f48320;\">P\u00e2ques et Toussaint<\/strong> Tous les jours de <b>11h \u00e0 17h<\/b><\/p><p><strong style=\"color: #f48320;\">Grandes vacances d\u2019\u00e9t\u00e9<\/strong><span style=\"color: var( --e-global-color-text ); font-weight: var( --e-global-typography-text-font-weight );\"> Tous les jours (sauf samedi) de <\/span><span style=\"color: var( --e-global-color-text );\"><b>10h \u00e0 18h<\/b><\/span><\/p>\t\t\t\t\t\t\t\t<\/div>\n\t\t\t\t<\/div>\n\t\t\t\t<div class=\"elementor-element elementor-element-77b634c elementor-widget elementor-widget-text-editor\" data-id=\"77b634c\" data-element_type=\"widget\" data-widget_type=\"text-editor.default\">\n\t\t\t\t<div class=\"elementor-widget-container\">\n\t\t\t\t\t\t\t\t\t<p><strong style=\"color: rgb(244, 131, 32);\">Mai-juin &amp; septembre sur r\u00e9servation :&nbsp;<\/strong>le mercredi, samedi et dimanche&nbsp;de&nbsp;<span style=\"font-weight: 700;\">11h \u00e0 17h<\/span><\/p>\t\t\t\t\t\t\t\t<\/div>\n\t\t\t\t<\/div>\n\t\t\t\t<div class=\"elementor-element elementor-element-2fb0c9c elementor-widget elementor-widget-text-editor\" data-id=\"2fb0c9c\" data-element_type=\"widget\" data-widget_type=\"text-editor.default\">\n\t\t\t\t<div class=\"elementor-widget-container\">\n\t\t\t\t\t\t\t\t\t<p><span style=\"color: #e02128;\"><b>Sur r\u00e9servation pour l\u2019accueil des groupes\u00a0<\/b><\/span><\/p><p>Le parc organise l\u2019accueil de groupes pour personnes en situation de handicap,\u00a0<span style=\"color: var( --e-global-color-text ); font-weight: var( --e-global-typography-text-font-weight );\">EHPAD, centres de loisirs, colonies de vacances, associations, \u00e9coles, <\/span><span style=\"color: var( --e-global-color-text ); font-weight: var( --e-global-typography-text-font-weight );\">etc.<\/span><\/p>\t\t\t\t\t\t\t\t<\/div>\n\t\t\t\t<\/div>\n\t\t\t\t<div class=\"elementor-element elementor-element-276eccf elementor-widget elementor-widget-text-editor\" data-id=\"276eccf\" data-element_type=\"widget\" data-widget_type=\"text-editor.default\">\n\t\t\t\t<div class=\"elementor-widget-container\">\n\t\t\t\t\t\t\t\t\t<p><span style=\"color: var( --e-global-color-text ); font-weight: var( --e-global-typography-text-font-weight );\">* Sous r\u00e9serve de modifications ( intemp\u00e9rie, ferme itin\u00e9rante, accueil de groupes).<\/span><\/p>\t\t\t\t\t\t\t\t<\/div>\n\t\t\t\t<\/div>\n\t\t\t\t\t<\/div>\n\t\t<\/div>\n\t\t\t\t\t<\/div>\n\t\t<\/section>\n\t\t\t\t<\/div>\n\t\t","protected":false},"excerpt":{"rendered":"<p>La ferme itin\u00e9rante Accueil \/ La ferme itin\u00e9rante Vous ne pouvez pas vous d\u00e9placer ? Vous \u00eates un particulier, une \u00e9cole, une mairie, un comit\u00e9 d\u2019entreprise, un centre de loisirs, un EHPAD ? vous organisez un anniversaire, une foire, un mariage, une manifestation dans votre village, un march\u00e9 de No\u00ebl, et vous souhaitez offrir un [&hellip;]<\/p>\n","protected":false},"author":1,"featured_media":0,"parent":0,"menu_order":0,"comment_status":"closed","ping_status":"closed","template":"elementor_header_footer","meta":{"footnotes":""},"class_list":["post-12886","page","type-page","status-publish","hentry"],"_links":{"self":[{"href":"https:\/\/lacollinedeslutins.fr\/index.php?rest_route=\/wp\/v2\/pages\/12886","targetHints":{"allow":["GET"]}}],"collection":[{"href":"https:\/\/lacollinedeslutins.fr\/index.php?rest_route=\/wp\/v2\/pages"}],"about":[{"href":"https:\/\/lacollinedeslutins.fr\/index.php?rest_route=\/wp\/v2\/types\/page"}],"author":[{"embeddable":true,"href":"https:\/\/lacollinedeslutins.fr\/index.php?rest_route=\/wp\/v2\/users\/1"}],"replies":[{"embeddable":true,"href":"https:\/\/lacollinedeslutins.fr\/index.php?rest_route=%2Fwp%2Fv2%2Fcomments&post=12886"}],"version-history":[{"count":27,"href":"https:\/\/lacollinedeslutins.fr\/index.php?rest_route=\/wp\/v2\/pages\/12886\/revisions"}],"predecessor-version":[{"id":14001,"href":"https:\/\/lacollinedeslutins.fr\/index.php?rest_route=\/wp\/v2\/pages\/12886\/revisions\/14001"}],"wp:attachment":[{"href":"https:\/\/lacollinedeslutins.fr\/index.php?rest_route=%2Fwp%2Fv2%2Fmedia&parent=12886"}],"curies":[{"name":"wp","href":"https:\/\/api.w.org\/{rel}","templated":true}]}}