{"id":12898,"date":"2022-02-23T15:26:20","date_gmt":"2022-02-23T14:26:20","guid":{"rendered":"https:\/\/lacollinedeslutins.fr\/?page_id=12898"},"modified":"2025-07-24T10:05:00","modified_gmt":"2025-07-24T08:05:00","slug":"se-restaurer","status":"publish","type":"page","link":"https:\/\/lacollinedeslutins.fr\/?page_id=12898","title":{"rendered":"Se loger et se restaurer"},"content":{"rendered":"\t\t<div data-elementor-type=\"wp-post\" data-elementor-id=\"12898\" class=\"elementor elementor-12898\">\n\t\t\t\t\t\t<section class=\"elementor-section elementor-top-section elementor-element elementor-element-b454756 elementor-section-height-min-height elementor-section-full_width elementor-section-stretched elementor-section-height-default elementor-section-items-middle\" data-id=\"b454756\" data-element_type=\"section\" data-settings=\"{&quot;background_background&quot;:&quot;classic&quot;,&quot;stretch_section&quot;:&quot;section-stretched&quot;}\">\n\t\t\t\t\t\t\t<div class=\"elementor-background-overlay\"><\/div>\n\t\t\t\t\t\t\t<div class=\"elementor-container elementor-column-gap-default\">\n\t\t\t\t\t<div class=\"elementor-column elementor-col-100 elementor-top-column elementor-element elementor-element-d24a86b\" data-id=\"d24a86b\" data-element_type=\"column\">\n\t\t\t<div class=\"elementor-widget-wrap elementor-element-populated\">\n\t\t\t\t\t\t<div class=\"elementor-element elementor-element-9e62d5f elementor-widget elementor-widget-heading\" data-id=\"9e62d5f\" data-element_type=\"widget\" data-widget_type=\"heading.default\">\n\t\t\t\t<div class=\"elementor-widget-container\">\n\t\t\t\t\t<h2 class=\"elementor-heading-title elementor-size-default\">se loger et se restaurer<\/h2>\t\t\t\t<\/div>\n\t\t\t\t<\/div>\n\t\t\t\t<div class=\"elementor-element elementor-element-1790d2b elementor-widget elementor-widget-text-editor\" data-id=\"1790d2b\" data-element_type=\"widget\" data-widget_type=\"text-editor.default\">\n\t\t\t\t<div class=\"elementor-widget-container\">\n\t\t\t\t\t\t\t\t\t<p><a href=\"#\">Accueil<\/a> \/ Se Loger et Se restaurer<\/p>\t\t\t\t\t\t\t\t<\/div>\n\t\t\t\t<\/div>\n\t\t\t\t\t<\/div>\n\t\t<\/div>\n\t\t\t\t\t<\/div>\n\t\t<\/section>\n\t\t<div class=\"elementor-element elementor-element-21e3190 e-grid e-con-boxed e-con e-parent\" data-id=\"21e3190\" data-element_type=\"container\">\n\t\t\t\t\t<div class=\"e-con-inner\">\n\t\t\t\t<div class=\"elementor-element elementor-element-8ac9e44 elementor-widget elementor-widget-heading\" data-id=\"8ac9e44\" data-element_type=\"widget\" data-widget_type=\"heading.default\">\n\t\t\t\t<div class=\"elementor-widget-container\">\n\t\t\t\t\t<h2 class=\"elementor-heading-title elementor-size-default\">La Cabane enchant\u00e9e des Lutins<\/h2>\t\t\t\t<\/div>\n\t\t\t\t<\/div>\n\t\t\t\t\t<\/div>\n\t\t\t\t<\/div>\n\t\t<div class=\"elementor-element elementor-element-3793af3 e-grid e-con-boxed e-con e-parent\" data-id=\"3793af3\" data-element_type=\"container\">\n\t\t\t\t\t<div class=\"e-con-inner\">\n\t\t\t\t<div class=\"elementor-element elementor-element-b6e1d1c elementor-widget elementor-widget-text-editor\" data-id=\"b6e1d1c\" data-element_type=\"widget\" data-widget_type=\"text-editor.default\">\n\t\t\t\t<div class=\"elementor-widget-container\">\n\t\t\t\t\t\t\t\t\t<h4>Perch\u00e9e \u00e0 1200 m\u00e8tres d\u2019altitude, au c\u0153ur des montagnes de l\u2019arri\u00e8re-pays proven\u00e7al, notre <b>cabane enchant\u00e9e<\/b> vous invite \u00e0 vivre une nuit insolite en pleine nature, dans un cadre calme et ressour\u00e7ant.<\/h4><h4>Avec sa silhouette de conte de f\u00e9es et sa vue <b>\u00e9poustouflante sur les montagnes<\/b>, cette cabane en bois accueille jusqu\u2019\u00e0 <b>4 personnes<\/b> (1 lit double + 1 lit superpos\u00e9), avec <b>coin lavabo<\/b> et <b>WC privatifs<\/b>.<\/h4><h4>Install\u00e9e dans notre ferme p\u00e9dagogique, elle vous offre l\u2019occasion rare de partager un moment unique au plus pr\u00e8s des animaux, dans une ambiance chaleureuse et authentique.<\/h4><h4>Une v\u00e9ritable parenth\u00e8se enchant\u00e9e \u00e0 vivre en famille, pour se reconnecter \u00e0 l\u2019essentiel\u2026<\/h4>\t\t\t\t\t\t\t\t<\/div>\n\t\t\t\t<\/div>\n\t\t\t\t<div class=\"elementor-element elementor-element-f763321 elementor-widget elementor-widget-image\" data-id=\"f763321\" data-element_type=\"widget\" data-widget_type=\"image.default\">\n\t\t\t\t<div class=\"elementor-widget-container\">\n\t\t\t\t\t\t\t\t\t\t\t\t\t\t\t<img fetchpriority=\"high\" decoding=\"async\" width=\"1024\" height=\"667\" src=\"https:\/\/lacollinedeslutins.fr\/wp-content\/uploads\/2025\/05\/Screenshot_20250414_212535_Gmail-1024x667.jpg\" class=\"attachment-large size-large wp-image-13824\" alt=\"\" srcset=\"https:\/\/lacollinedeslutins.fr\/wp-content\/uploads\/2025\/05\/Screenshot_20250414_212535_Gmail-1024x667.jpg 1024w, https:\/\/lacollinedeslutins.fr\/wp-content\/uploads\/2025\/05\/Screenshot_20250414_212535_Gmail-300x195.jpg 300w, https:\/\/lacollinedeslutins.fr\/wp-content\/uploads\/2025\/05\/Screenshot_20250414_212535_Gmail-768x500.jpg 768w, https:\/\/lacollinedeslutins.fr\/wp-content\/uploads\/2025\/05\/Screenshot_20250414_212535_Gmail.jpg 1080w\" sizes=\"(max-width: 1024px) 100vw, 1024px\" \/>\t\t\t\t\t\t\t\t\t\t\t\t\t\t\t<\/div>\n\t\t\t\t<\/div>\n\t\t\t\t\t<\/div>\n\t\t\t\t<\/div>\n\t\t<div class=\"elementor-element elementor-element-d36e791 e-flex e-con-boxed e-con e-parent\" data-id=\"d36e791\" data-element_type=\"container\">\n\t\t\t\t\t<div class=\"e-con-inner\">\n\t\t<div class=\"elementor-element elementor-element-012e624 e-con-full e-flex e-con e-child\" data-id=\"012e624\" data-element_type=\"container\">\n\t\t\t\t<\/div>\n\t\t<div class=\"elementor-element elementor-element-a4b5490 e-con-full e-flex e-con e-child\" data-id=\"a4b5490\" data-element_type=\"container\">\n\t\t\t\t<\/div>\n\t\t\t\t<div class=\"elementor-element elementor-element-ce70f6a elementor-widget__width-initial elementor-widget elementor-widget-image\" data-id=\"ce70f6a\" data-element_type=\"widget\" data-widget_type=\"image.default\">\n\t\t\t\t<div class=\"elementor-widget-container\">\n\t\t\t\t\t\t\t\t\t\t\t\t\t\t\t<img decoding=\"async\" width=\"768\" height=\"614\" src=\"https:\/\/lacollinedeslutins.fr\/wp-content\/uploads\/2025\/05\/Montage-Photo-Vision-Board-2025-Moodboard-Collage-Photo-Moderne-Minimaliste-768x614.png\" class=\"attachment-medium_large size-medium_large wp-image-13832\" alt=\"\" srcset=\"https:\/\/lacollinedeslutins.fr\/wp-content\/uploads\/2025\/05\/Montage-Photo-Vision-Board-2025-Moodboard-Collage-Photo-Moderne-Minimaliste-768x614.png 768w, https:\/\/lacollinedeslutins.fr\/wp-content\/uploads\/2025\/05\/Montage-Photo-Vision-Board-2025-Moodboard-Collage-Photo-Moderne-Minimaliste-300x240.png 300w, https:\/\/lacollinedeslutins.fr\/wp-content\/uploads\/2025\/05\/Montage-Photo-Vision-Board-2025-Moodboard-Collage-Photo-Moderne-Minimaliste-1024x819.png 1024w, https:\/\/lacollinedeslutins.fr\/wp-content\/uploads\/2025\/05\/Montage-Photo-Vision-Board-2025-Moodboard-Collage-Photo-Moderne-Minimaliste-1536x1229.png 1536w, https:\/\/lacollinedeslutins.fr\/wp-content\/uploads\/2025\/05\/Montage-Photo-Vision-Board-2025-Moodboard-Collage-Photo-Moderne-Minimaliste.png 2000w\" sizes=\"(max-width: 768px) 100vw, 768px\" \/>\t\t\t\t\t\t\t\t\t\t\t\t\t\t\t<\/div>\n\t\t\t\t<\/div>\n\t\t\t\t\t<\/div>\n\t\t\t\t<\/div>\n\t\t<div class=\"elementor-element elementor-element-e4490c4 e-grid e-con-boxed e-con e-parent\" data-id=\"e4490c4\" data-element_type=\"container\">\n\t\t\t\t\t<div class=\"e-con-inner\">\n\t\t\t\t<div class=\"elementor-element elementor-element-eccce43 elementor-widget elementor-widget-text-editor\" data-id=\"eccce43\" data-element_type=\"widget\" data-widget_type=\"text-editor.default\">\n\t\t\t\t<div class=\"elementor-widget-container\">\n\t\t\t\t\t\t\t\t\t<p>Pour voir les disponibilit\u00e9s rendez vous sur le <a href=\"https:\/\/www.airbnb.fr\/rooms\/1419487048107627824?guests=1&amp;adults=1&amp;s=67&amp;unique_share_id=df61fe86-310f-4c0d-a8f6-f1fdd68c2159\">calendrier Airbnb<\/a> <\/p>\t\t\t\t\t\t\t\t<\/div>\n\t\t\t\t<\/div>\n\t\t\t\t<div class=\"elementor-element elementor-element-bcef34a elementor-widget elementor-widget-text-editor\" data-id=\"bcef34a\" data-element_type=\"widget\" data-widget_type=\"text-editor.default\">\n\t\t\t\t<div class=\"elementor-widget-container\">\n\t\t\t\t\t\t\t\t\t<p>Pour r\u00e9server contactez nous au :<\/p><p>06 82 58 32 08<\/p><p>ou<\/p><p>contact@lacollinedeslutins.fr<\/p>\t\t\t\t\t\t\t\t<\/div>\n\t\t\t\t<\/div>\n\t\t\t\t\t<\/div>\n\t\t\t\t<\/div>\n\t\t\t\t<section class=\"elementor-section elementor-top-section elementor-element elementor-element-4ca42e5 elementor-section-content-middle elementor-section-boxed elementor-section-height-default elementor-section-height-default\" data-id=\"4ca42e5\" data-element_type=\"section\">\n\t\t\t\t\t\t<div class=\"elementor-container elementor-column-gap-no\">\n\t\t\t\t\t<div class=\"elementor-column elementor-col-50 elementor-top-column elementor-element elementor-element-b01a54f\" data-id=\"b01a54f\" data-element_type=\"column\">\n\t\t\t<div class=\"elementor-widget-wrap elementor-element-populated\">\n\t\t\t\t\t\t<div class=\"elementor-element elementor-element-9e4fcac elementor-widget elementor-widget-image\" data-id=\"9e4fcac\" data-element_type=\"widget\" data-widget_type=\"image.default\">\n\t\t\t\t<div class=\"elementor-widget-container\">\n\t\t\t\t\t\t\t\t\t\t\t\t\t\t\t<img decoding=\"async\" width=\"960\" height=\"548\" src=\"https:\/\/lacollinedeslutins.fr\/wp-content\/uploads\/2023\/02\/foodtruck-restarauration.jpg\" class=\"attachment-large size-large wp-image-13204\" alt=\"\" srcset=\"https:\/\/lacollinedeslutins.fr\/wp-content\/uploads\/2023\/02\/foodtruck-restarauration.jpg 960w, https:\/\/lacollinedeslutins.fr\/wp-content\/uploads\/2023\/02\/foodtruck-restarauration-300x171.jpg 300w, https:\/\/lacollinedeslutins.fr\/wp-content\/uploads\/2023\/02\/foodtruck-restarauration-768x438.jpg 768w\" sizes=\"(max-width: 960px) 100vw, 960px\" \/>\t\t\t\t\t\t\t\t\t\t\t\t\t\t\t<\/div>\n\t\t\t\t<\/div>\n\t\t\t\t\t<\/div>\n\t\t<\/div>\n\t\t\t\t<div class=\"elementor-column elementor-col-50 elementor-top-column elementor-element elementor-element-91bf017\" data-id=\"91bf017\" data-element_type=\"column\">\n\t\t\t<div class=\"elementor-widget-wrap elementor-element-populated\">\n\t\t\t\t\t\t<div class=\"elementor-element elementor-element-c2a7739 elementor-view-default elementor-widget elementor-widget-icon\" data-id=\"c2a7739\" data-element_type=\"widget\" data-widget_type=\"icon.default\">\n\t\t\t\t<div class=\"elementor-widget-container\">\n\t\t\t\t\t\t\t<div class=\"elementor-icon-wrapper\">\n\t\t\t<div class=\"elementor-icon\">\n\t\t\t<i aria-hidden=\"true\" class=\"fas fa-quote-left\"><\/i>\t\t\t<\/div>\n\t\t<\/div>\n\t\t\t\t\t\t<\/div>\n\t\t\t\t<\/div>\n\t\t\t\t<div class=\"elementor-element elementor-element-26d094e elementor-widget elementor-widget-text-editor\" data-id=\"26d094e\" data-element_type=\"widget\" data-widget_type=\"text-editor.default\">\n\t\t\t\t<div class=\"elementor-widget-container\">\n\t\t\t\t\t\t\t\t\t<p><b>Une petite ou une grande faim ?<\/b><br>Le food truck se d\u00e9place au parc afin de vous offrir des plats savoureux !<\/p>\t\t\t\t\t\t\t\t<\/div>\n\t\t\t\t<\/div>\n\t\t\t\t\t<\/div>\n\t\t<\/div>\n\t\t\t\t\t<\/div>\n\t\t<\/section>\n\t\t\t\t<section class=\"elementor-section elementor-top-section elementor-element elementor-element-72fde61 elementor-section-boxed elementor-section-height-default elementor-section-height-default\" data-id=\"72fde61\" data-element_type=\"section\" data-settings=\"{&quot;background_background&quot;:&quot;classic&quot;}\">\n\t\t\t\t\t\t<div class=\"elementor-container elementor-column-gap-default\">\n\t\t\t\t\t<div class=\"elementor-column elementor-col-100 elementor-top-column elementor-element elementor-element-5543003\" data-id=\"5543003\" data-element_type=\"column\">\n\t\t\t<div class=\"elementor-widget-wrap elementor-element-populated\">\n\t\t\t\t\t\t<div class=\"elementor-element elementor-element-c85753d elementor-widget elementor-widget-heading\" data-id=\"c85753d\" data-element_type=\"widget\" data-widget_type=\"heading.default\">\n\t\t\t\t<div class=\"elementor-widget-container\">\n\t\t\t\t\t<h2 class=\"elementor-heading-title elementor-size-default\">Le s\u2019elfe gourmand vous propose :<\/h2>\t\t\t\t<\/div>\n\t\t\t\t<\/div>\n\t\t\t\t\t<\/div>\n\t\t<\/div>\n\t\t\t\t\t<\/div>\n\t\t<\/section>\n\t\t\t\t<section class=\"elementor-section elementor-top-section elementor-element elementor-element-8974c8a elementor-section-boxed elementor-section-height-default elementor-section-height-default\" data-id=\"8974c8a\" data-element_type=\"section\" data-settings=\"{&quot;background_background&quot;:&quot;classic&quot;}\">\n\t\t\t\t\t\t<div class=\"elementor-container elementor-column-gap-default\">\n\t\t\t\t\t<div class=\"elementor-column elementor-col-50 elementor-top-column elementor-element elementor-element-ff885d2\" data-id=\"ff885d2\" data-element_type=\"column\" data-settings=\"{&quot;background_background&quot;:&quot;classic&quot;}\">\n\t\t\t<div class=\"elementor-widget-wrap elementor-element-populated\">\n\t\t\t\t\t\t<div class=\"elementor-element elementor-element-246c0ea elementor-widget elementor-widget-text-editor\" data-id=\"246c0ea\" data-element_type=\"widget\" data-widget_type=\"text-editor.default\">\n\t\t\t\t<div class=\"elementor-widget-container\">\n\t\t\t\t\t\t\t\t\t<p><b><span data-contrast=\"auto\">Paninis\u202f: 6<\/span><span data-contrast=\"auto\"> \u20ac<\/span><span data-ccp-props=\"{&quot;201341983&quot;:0,&quot;335551550&quot;:2,&quot;335551620&quot;:2,&quot;335559739&quot;:160,&quot;335559740&quot;:259}\">\u00a0<\/span><\/b><\/p><p><span data-contrast=\"auto\">Jambon\u202f: <\/span><span data-contrast=\"auto\">jambon, beurre, tomate, mozza\u00a0\u00a0\u00a0\u00a0\u00a0\u00a0<\/span><span data-ccp-props=\"{&quot;201341983&quot;:0,&quot;335559739&quot;:160,&quot;335559740&quot;:259}\"><br \/><\/span><\/p><p><span data-contrast=\"auto\">\u00a0Poulet\u202f: <\/span><span data-contrast=\"auto\">poulet, poivrons, curry\u202f<\/span><span data-ccp-props=\"{&quot;201341983&quot;:0,&quot;335559739&quot;:160,&quot;335559740&quot;:259}\">\u00a0<\/span><\/p><p><span data-contrast=\"auto\">Kebab\u202f: <\/span><span data-contrast=\"auto\">kebab, tomates, oignons\u202f<\/span><span data-ccp-props=\"{&quot;201341983&quot;:0,&quot;335559739&quot;:160,&quot;335559740&quot;:259}\">\u00a0<\/span><\/p><p><span data-contrast=\"auto\">3 fromages\u202f:\u00a0<\/span><span data-contrast=\"auto\"> ch\u00e8vre, raclette, mozza\u202f<\/span><span data-ccp-props=\"{&quot;201341983&quot;:0,&quot;335559739&quot;:160,&quot;335559740&quot;:259}\">\u00a0<\/span><\/p><p><span data-contrast=\"auto\">Thon\u202f: <\/span><span data-contrast=\"auto\">thon, tomates, cr\u00e8me, pesto\u202f<\/span><span data-ccp-props=\"{&quot;201341983&quot;:0,&quot;335559739&quot;:160,&quot;335559740&quot;:259}\">\u00a0<\/span><\/p><p><span data-contrast=\"auto\">v\u00e9g\u00e9tarien\u202f: ratatouille, mozza,<\/span><span data-contrast=\"auto\"> sauce au choix\u202f<\/span><span data-ccp-props=\"{&quot;201341983&quot;:0,&quot;335559739&quot;:160,&quot;335559740&quot;:259}\">\u00a0<\/span><\/p><p>&#8212;&#8212;&#8212;-<span style=\"color: var( --e-global-color-text ); letter-spacing: 0px;\">\u00a0<\/span><\/p><p><b><span data-contrast=\"auto\">Frites<\/span><span data-contrast=\"auto\">\u00a0<\/span><\/b><\/p><p><b><span data-contrast=\"auto\">sauces au choix : 2,5 \u20ac<\/span><span data-ccp-props=\"{&quot;201341983&quot;:0,&quot;335551550&quot;:2,&quot;335551620&quot;:2,&quot;335559739&quot;:160,&quot;335559740&quot;:259}\">\u00a0<\/span><\/b><\/p><p>&#8212;&#8212;-<\/p><p><strong>P&rsquo;tite faim<\/strong><\/p><p><span data-contrast=\"auto\">Frites\u202f\/ jambon\u202f: 4<\/span><span data-contrast=\"auto\"> \u20ac<\/span><span data-ccp-props=\"{&quot;201341983&quot;:0,&quot;335551550&quot;:2,&quot;335551620&quot;:2,&quot;335559739&quot;:160,&quot;335559740&quot;:259}\">\u00a0<\/span><\/p><p><span data-contrast=\"auto\">Frites\u202f\/ saucisse\u202f: 6<\/span><span data-contrast=\"auto\"> \u20ac<\/span><span data-ccp-props=\"{&quot;201341983&quot;:0,&quot;335551550&quot;:2,&quot;335551620&quot;:2,&quot;335559739&quot;:160,&quot;335559740&quot;:259}\">\u00a0<\/span><\/p><p><span data-contrast=\"auto\">Frites\u202f\/ Nuggets\u202f: 6<\/span><span data-contrast=\"auto\"> \u20ac<\/span><span data-ccp-props=\"{&quot;201341983&quot;:0,&quot;335551550&quot;:2,&quot;335551620&quot;:2,&quot;335559739&quot;:160,&quot;335559740&quot;:259}\">\u00a0<\/span><\/p><p><span data-contrast=\"auto\">Croc-lutin: jambon, beurre, mozza : 5<\/span><span data-contrast=\"auto\"> \u20ac<\/span><span data-ccp-props=\"{&quot;201341983&quot;:0,&quot;335559739&quot;:160,&quot;335559740&quot;:259}\">\u00a0<\/span><\/p><p>Hot-dog : 5\u20ac<\/p><p><span data-ccp-props=\"{&quot;201341983&quot;:0,&quot;335551550&quot;:2,&quot;335551620&quot;:2,&quot;335559739&quot;:160,&quot;335559740&quot;:259}\">\u00a0<\/span><span style=\"color: var( --e-global-color-text ); letter-spacing: 0px;\">&#8212;&#8212;&#8212;-<\/span><\/p><p><span data-ccp-props=\"{&quot;201341983&quot;:0,&quot;335551550&quot;:2,&quot;335551620&quot;:2,&quot;335559739&quot;:160,&quot;335559740&quot;:259}\"><b>Burgers<\/b><\/span><\/p><p><span data-contrast=\"auto\">Am\u00e9ricain\u202f: <\/span><span data-contrast=\"auto\">\u00bd baguette, steak hach\u00e9, cheddar,oignons, tomates, frites, sauce\u202fau choix : 11<\/span><span data-contrast=\"auto\"> \u20ac<\/span><span data-ccp-props=\"{&quot;201341983&quot;:0,&quot;335559739&quot;:160,&quot;335559740&quot;:259}\">\u00a0<\/span><\/p><p><span data-contrast=\"auto\">S\u2019elfe burger\u202f: <\/span><span data-contrast=\"auto\">pain burger, steak hach\u00e9 (120g), cheddar,oignons, tomates, frites, sauce\u202fau choix : 11<\/span><span data-contrast=\"auto\"> \u20ac<\/span><span data-contrast=\"auto\">\u00a0<\/span><span data-ccp-props=\"{&quot;201341983&quot;:0,&quot;335559739&quot;:160,&quot;335559740&quot;:259}\">\u00a0<\/span><\/p><p><span data-contrast=\"auto\">S\u2019elfe poulet\u202f: <\/span><span data-contrast=\"auto\">pain burger, poulet pan\u00e9, cheddar, oignons, tomates, frites, sauce\u202fau choix : 11<\/span><span data-contrast=\"auto\"> \u20ac<\/span><span data-ccp-props=\"{&quot;201341983&quot;:0,&quot;335559739&quot;:160,&quot;335559740&quot;:259}\">\u00a0<\/span><\/p><p><span data-contrast=\"auto\">Mini cheese burger\u202f: <\/span><span data-contrast=\"auto\">pain burger, cheddar, steak hach\u00e9 (100g), sauce\u202fau choix : 7<\/span><span data-contrast=\"auto\"> \u20ac<\/span><\/p>\t\t\t\t\t\t\t\t<\/div>\n\t\t\t\t<\/div>\n\t\t\t\t\t<\/div>\n\t\t<\/div>\n\t\t\t\t<div class=\"elementor-column elementor-col-50 elementor-top-column elementor-element elementor-element-ab8f2ce\" data-id=\"ab8f2ce\" data-element_type=\"column\" data-settings=\"{&quot;background_background&quot;:&quot;classic&quot;}\">\n\t\t\t<div class=\"elementor-widget-wrap elementor-element-populated\">\n\t\t\t\t\t\t<div class=\"elementor-element elementor-element-2437155 elementor-widget elementor-widget-text-editor\" data-id=\"2437155\" data-element_type=\"widget\" data-widget_type=\"text-editor.default\">\n\t\t\t\t<div class=\"elementor-widget-container\">\n\t\t\t\t\t\t\t\t\t<p><b><u>formules<\/u><\/b><\/p><p><b>panini : 13\u20ac<\/b><\/p><p>1 panini au choix<\/p><p>\u00a0 frites <\/p><p>1 boisson sans alcool<\/p><p>1 part de tarte ou beignet<\/p><p>&#8212;&#8212;&#8212;-<span style=\"color: var( --e-global-color-text ); letter-spacing: 0px;\">\u00a0<\/span><\/p><p><span style=\"color: var( --e-global-color-text ); letter-spacing: 0px;\"><b>enfant\u202f : 10\u20ac<\/b><\/span><\/p><p>1 mini cheese burger ou petite faim<\/p><p>\u00a0frites<\/p><p>\u00a01 sirop \u00e0 l\u2019eau<\/p><p>\u00a01 pom&rsquo;pote<\/p><p><span style=\"color: var( --e-global-color-text ); letter-spacing: 0px;\">&#8212;&#8212;&#8212;-<\/span><span style=\"color: var( --e-global-color-text ); letter-spacing: 0px;\">\u00a0<\/span><\/p><p><span style=\"color: var( --e-global-color-text ); letter-spacing: 0px;\"><b><span style=\"text-decoration: underline;\">Sucr\u00e9<\/span>\u202f<\/b><\/span><\/p><p>Beignets\u202fchocolat : 1,50\u20ac<\/p><p>Cr\u00eapes\u202f(Sucre, citron, Nutella, confiture\u202f) : 2.5\u20ac<\/p><p>Gaufres\u202f (Sucre, Nutella, confiture ou chantilly\u202f) 3.5\u20ac<\/p><p><span style=\"color: var( --e-global-color-text ); letter-spacing: 0px;\">&#8212;&#8212;&#8212;-<\/span><span style=\"color: var( --e-global-color-text ); letter-spacing: 0px;\">\u00a0<\/span><\/p><p><strong>Boissons (verre consign\u00e9 25cl)<\/strong><\/p><p>Coca Cola classique ou z\u00e9ro, <br \/>Ice Tea, Orangina : 2\u20ac<\/p><p>Eau (50cl): 1\u20ac<\/p><p>Bi\u00e8res\u202f: Heineken : 2.5\u20ac, Desperados : 3.5\u20ac,\u00a0<br \/>Locale (brasserie de l\u2019aubr\u00e9e de Selonnet)\u202f: blonde, blanche ou cuivr\u00e9e\u202f: 5 \u20ac<\/p><p>Ros\u00e9 au verre\u202f: 2 \u20ac<\/p><p>caf\u00e9 offert toute la journ\u00e9e<\/p>\t\t\t\t\t\t\t\t<\/div>\n\t\t\t\t<\/div>\n\t\t\t\t\t<\/div>\n\t\t<\/div>\n\t\t\t\t\t<\/div>\n\t\t<\/section>\n\t\t\t\t<section class=\"elementor-section elementor-top-section elementor-element elementor-element-d8d4ac6 elementor-section-content-middle elementor-section-boxed elementor-section-height-default elementor-section-height-default\" data-id=\"d8d4ac6\" data-element_type=\"section\">\n\t\t\t\t\t\t<div class=\"elementor-container elementor-column-gap-no\">\n\t\t\t\t\t<div class=\"elementor-column elementor-col-100 elementor-top-column elementor-element elementor-element-3af1530\" data-id=\"3af1530\" data-element_type=\"column\">\n\t\t\t<div class=\"elementor-widget-wrap elementor-element-populated\">\n\t\t\t\t\t\t<section class=\"elementor-section elementor-inner-section elementor-element elementor-element-7942273 elementor-section-content-middle elementor-section-boxed elementor-section-height-default elementor-section-height-default\" data-id=\"7942273\" data-element_type=\"section\">\n\t\t\t\t\t\t<div class=\"elementor-container elementor-column-gap-no\">\n\t\t\t\t\t<div class=\"elementor-column elementor-col-100 elementor-inner-column elementor-element elementor-element-9432cda\" data-id=\"9432cda\" data-element_type=\"column\">\n\t\t\t<div class=\"elementor-widget-wrap elementor-element-populated\">\n\t\t\t\t\t\t<div class=\"elementor-element elementor-element-a699803 elementor-widget elementor-widget-image-box\" data-id=\"a699803\" data-element_type=\"widget\" data-widget_type=\"image-box.default\">\n\t\t\t\t<div class=\"elementor-widget-container\">\n\t\t\t\t\t<div class=\"elementor-image-box-wrapper\"><div class=\"elementor-image-box-content\"><h3 class=\"elementor-image-box-title\">une aire de pique-nique ombrag\u00e9e est \u00e0 votre disposition <\/h3><\/div><\/div>\t\t\t\t<\/div>\n\t\t\t\t<\/div>\n\t\t\t\t\t<\/div>\n\t\t<\/div>\n\t\t\t\t\t<\/div>\n\t\t<\/section>\n\t\t\t\t\t<\/div>\n\t\t<\/div>\n\t\t\t\t\t<\/div>\n\t\t<\/section>\n\t\t\t\t<section class=\"elementor-section elementor-top-section elementor-element elementor-element-2f3dc17 elementor-reverse-mobile elementor-section-full_width elementor-section-height-default elementor-section-height-default\" data-id=\"2f3dc17\" data-element_type=\"section\" data-settings=\"{&quot;background_background&quot;:&quot;classic&quot;}\">\n\t\t\t\t\t\t<div class=\"elementor-container elementor-column-gap-no\">\n\t\t\t\t\t<div class=\"elementor-column elementor-col-50 elementor-top-column elementor-element elementor-element-c3b52da\" data-id=\"c3b52da\" data-element_type=\"column\">\n\t\t\t<div class=\"elementor-widget-wrap elementor-element-populated\">\n\t\t\t\t\t\t<div class=\"elementor-element elementor-element-1066dbf elementor-widget elementor-widget-google_maps\" data-id=\"1066dbf\" data-element_type=\"widget\" data-widget_type=\"google_maps.default\">\n\t\t\t\t<div class=\"elementor-widget-container\">\n\t\t\t\t\t\t\t<div class=\"elementor-custom-embed\">\n\t\t\t<iframe loading=\"lazy\"\n\t\t\t\t\tsrc=\"https:\/\/maps.google.com\/maps?q=Lieu%20dit%2C%20Les%20Souquets%2C%2004140%20Le%20Vernet&#038;t=m&#038;z=17&#038;output=embed&#038;iwloc=near\"\n\t\t\t\t\ttitle=\"Lieu dit, Les Souquets, 04140 Le Vernet\"\n\t\t\t\t\taria-label=\"Lieu dit, Les Souquets, 04140 Le Vernet\"\n\t\t\t><\/iframe>\n\t\t<\/div>\n\t\t\t\t\t\t<\/div>\n\t\t\t\t<\/div>\n\t\t\t\t\t<\/div>\n\t\t<\/div>\n\t\t\t\t<div class=\"elementor-column elementor-col-50 elementor-top-column elementor-element elementor-element-e51cda6\" data-id=\"e51cda6\" data-element_type=\"column\">\n\t\t\t<div class=\"elementor-widget-wrap elementor-element-populated\">\n\t\t\t\t\t\t<div class=\"elementor-element elementor-element-9fed60d elementor-widget elementor-widget-heading\" data-id=\"9fed60d\" data-element_type=\"widget\" data-widget_type=\"heading.default\">\n\t\t\t\t<div class=\"elementor-widget-container\">\n\t\t\t\t\t<h2 class=\"elementor-heading-title elementor-size-default\">Le parc est ouvert d\u2019avril \u00e0 octobre<b><i>*<\/i><\/b><br><\/h2>\t\t\t\t<\/div>\n\t\t\t\t<\/div>\n\t\t\t\t<div class=\"elementor-element elementor-element-7b3d8c0 elementor-widget elementor-widget-text-editor\" data-id=\"7b3d8c0\" data-element_type=\"widget\" data-widget_type=\"text-editor.default\">\n\t\t\t\t<div class=\"elementor-widget-container\">\n\t\t\t\t\t\t\t\t\t<strong style=\"color: #e02128;\"> Pendant les vacances scolaires<\/strong>\t\t\t\t\t\t\t\t<\/div>\n\t\t\t\t<\/div>\n\t\t\t\t<div class=\"elementor-element elementor-element-62b3170 elementor-widget elementor-widget-text-editor\" data-id=\"62b3170\" data-element_type=\"widget\" data-widget_type=\"text-editor.default\">\n\t\t\t\t<div class=\"elementor-widget-container\">\n\t\t\t\t\t\t\t\t\t<p><strong style=\"color: #f48320;\">P\u00e2ques et Toussaint<\/strong> Tous les jours de <b>11h \u00e0 17h<\/b><\/p><p><strong style=\"color: #f48320;\">Grandes vacances d\u2019\u00e9t\u00e9<\/strong><span style=\"color: var( --e-global-color-text ); font-weight: var( --e-global-typography-text-font-weight );\"> Tous les jours (sauf samedi) de <\/span><span style=\"color: var( --e-global-color-text );\"><b>10h \u00e0 18h<\/b><\/span><\/p>\t\t\t\t\t\t\t\t<\/div>\n\t\t\t\t<\/div>\n\t\t\t\t<div class=\"elementor-element elementor-element-b26b435 elementor-widget elementor-widget-text-editor\" data-id=\"b26b435\" data-element_type=\"widget\" data-widget_type=\"text-editor.default\">\n\t\t\t\t<div class=\"elementor-widget-container\">\n\t\t\t\t\t\t\t\t\t<p><strong style=\"color: rgb(244, 131, 32);\">Mai-juin &amp; septembre sur r\u00e9servation :&nbsp;<\/strong>le mercredi, samedi et dimanche&nbsp;de&nbsp;<span style=\"font-weight: 700;\">11h \u00e0 17h<\/span><\/p>\t\t\t\t\t\t\t\t<\/div>\n\t\t\t\t<\/div>\n\t\t\t\t<div class=\"elementor-element elementor-element-0cad0fb elementor-widget elementor-widget-text-editor\" data-id=\"0cad0fb\" data-element_type=\"widget\" data-widget_type=\"text-editor.default\">\n\t\t\t\t<div class=\"elementor-widget-container\">\n\t\t\t\t\t\t\t\t\t<p><span style=\"color: #e02128;\"><b>Sur r\u00e9servation pour l\u2019accueil des groupes\u00a0<\/b><\/span><\/p><p>Le parc organise l\u2019accueil de groupes pour personnes en situation de handicap,\u00a0<span style=\"color: var( --e-global-color-text ); font-weight: var( --e-global-typography-text-font-weight );\">EHPAD, centres de loisirs, colonies de vacances, associations, \u00e9coles, <\/span><span style=\"color: var( --e-global-color-text ); font-weight: var( --e-global-typography-text-font-weight );\">etc.<\/span><\/p>\t\t\t\t\t\t\t\t<\/div>\n\t\t\t\t<\/div>\n\t\t\t\t<div class=\"elementor-element elementor-element-f0a8b69 elementor-widget elementor-widget-text-editor\" data-id=\"f0a8b69\" data-element_type=\"widget\" data-widget_type=\"text-editor.default\">\n\t\t\t\t<div class=\"elementor-widget-container\">\n\t\t\t\t\t\t\t\t\t<p><span style=\"color: var( --e-global-color-text ); font-weight: var( --e-global-typography-text-font-weight );\">* Sous r\u00e9serve de modifications ( intemp\u00e9rie, ferme itin\u00e9rante, accueil de groupes).<\/span><\/p>\t\t\t\t\t\t\t\t<\/div>\n\t\t\t\t<\/div>\n\t\t\t\t\t<\/div>\n\t\t<\/div>\n\t\t\t\t\t<\/div>\n\t\t<\/section>\n\t\t\t\t<\/div>\n\t\t","protected":false},"excerpt":{"rendered":"<p>se loger et se restaurer Accueil \/ Se Loger et Se restaurer La Cabane enchant\u00e9e des Lutins Perch\u00e9e \u00e0 1200 m\u00e8tres d\u2019altitude, au c\u0153ur des montagnes de l\u2019arri\u00e8re-pays proven\u00e7al, notre cabane enchant\u00e9e vous invite \u00e0 vivre une nuit insolite en pleine nature, dans un cadre calme et ressour\u00e7ant. Avec sa silhouette de conte de f\u00e9es [&hellip;]<\/p>\n","protected":false},"author":1,"featured_media":0,"parent":0,"menu_order":0,"comment_status":"closed","ping_status":"closed","template":"elementor_header_footer","meta":{"footnotes":""},"class_list":["post-12898","page","type-page","status-publish","hentry"],"_links":{"self":[{"href":"https:\/\/lacollinedeslutins.fr\/index.php?rest_route=\/wp\/v2\/pages\/12898","targetHints":{"allow":["GET"]}}],"collection":[{"href":"https:\/\/lacollinedeslutins.fr\/index.php?rest_route=\/wp\/v2\/pages"}],"about":[{"href":"https:\/\/lacollinedeslutins.fr\/index.php?rest_route=\/wp\/v2\/types\/page"}],"author":[{"embeddable":true,"href":"https:\/\/lacollinedeslutins.fr\/index.php?rest_route=\/wp\/v2\/users\/1"}],"replies":[{"embeddable":true,"href":"https:\/\/lacollinedeslutins.fr\/index.php?rest_route=%2Fwp%2Fv2%2Fcomments&post=12898"}],"version-history":[{"count":34,"href":"https:\/\/lacollinedeslutins.fr\/index.php?rest_route=\/wp\/v2\/pages\/12898\/revisions"}],"predecessor-version":[{"id":14007,"href":"https:\/\/lacollinedeslutins.fr\/index.php?rest_route=\/wp\/v2\/pages\/12898\/revisions\/14007"}],"wp:attachment":[{"href":"https:\/\/lacollinedeslutins.fr\/index.php?rest_route=%2Fwp%2Fv2%2Fmedia&parent=12898"}],"curies":[{"name":"wp","href":"https:\/\/api.w.org\/{rel}","templated":true}]}}